{"id":43216,"date":"2024-11-04T12:30:53","date_gmt":"2024-11-04T11:30:53","guid":{"rendered":"https:\/\/www.eberhard-co-watches.ch\/eberhard-world\/salone-nautico-di-genova-2024\/"},"modified":"2024-11-10T02:58:22","modified_gmt":"2024-11-10T01:58:22","slug":"salone-nautico-di-genova-2024","status":"publish","type":"eberhard-world","link":"https:\/\/www.eberhard-co-watches.ch\/fr\/eberhard-world\/salone-nautico-di-genova-2024\/","title":{"rendered":"Salon Nautique de G\u00eanes 2024"},"content":{"rendered":"<p>Pour la troisi\u00e8me ann\u00e9e cons\u00e9cutive, Eberhard &amp; Co. a renouvel\u00e9 son r\u00f4le de Chronom\u00e9treur Officiel du Salon Nautique de G\u00eanes, l&#8217;un des \u00e9v\u00e9nements les plus prestigieux du secteur nautique \u00e0 l&#8217;\u00e9chelle internationale.<\/p>\n<p>Dans le cadre du Salon, la Maison suisse a install\u00e9 une vaste lounge dans l&#8217;espace &#8220;Living the Sea&#8221;, situ\u00e9e en face du Th\u00e9\u00e2tre de la Mer, qui, pour l&#8217;occasion, s&#8217;est transform\u00e9 en &#8220;Eberhard &amp; Co. Theatre&#8221;, accueillant conf\u00e9rences et rencontres. \u00c0 cette occasion, la Maison a d\u00e9voil\u00e9 en avant-premi\u00e8re mondiale la Scafograf 200 \u00c9dition Limit\u00e9e &#8220;Onde Bleue&#8221; : une \u00e9dition exclusive et limit\u00e9e \u00e0 137 exemplaires de la c\u00e9l\u00e8bre montre de plong\u00e9e Scafograf, qui en 1959 a marqu\u00e9 le d\u00e9but de l\u2019aventure maritime de la marque et qui demeure l&#8217;un des symboles de l&#8217;histoire et du pr\u00e9sent d&#8217;Eberhard &amp; Co., une Maison qui brave les vagues du temps depuis 137 ans.<\/p>\n<p>Dans la lounge d&#8217;Eberhard &amp; Co., il \u00e9tait \u00e9galement possible de d\u00e9couvrir les collections embl\u00e9matiques et les derni\u00e8res nouveaut\u00e9s de la Maison suisse, parmi lesquelles le nouveau chronographe Extra-fort Roue \u00e0 Colonnes Retour en Vol, une \u00e9volution in\u00e9dite et exclusive de la c\u00e9l\u00e8bre collection Extra-fort, lanc\u00e9e en 1940.<\/p>\n","protected":false},"featured_media":43194,"template":"","news-world":[],"class_list":["post-43216","eberhard-world","type-eberhard-world","status-publish","has-post-thumbnail","hentry"],"acf":[],"yoast_head":"<!-- This site is optimized with the Yoast SEO plugin v23.9 - https:\/\/yoast.com\/wordpress\/plugins\/seo\/ -->\n<title>Salon Nautique de G\u00eanes 2024 - Eberhard &amp; Co.<\/title>\n<meta name=\"description\" content=\"Pour la troisi\u00e8me ann\u00e9e cons\u00e9cutive, Eberhard &amp; Co. a renouvel\u00e9 son r\u00f4le de Chronom\u00e9treur Officiel du Salon Nautique de G\u00eanes, l&#039;un des \u00e9v\u00e9nements les\" \/>\n<meta name=\"robots\" content=\"index, follow, max-snippet:-1, max-image-preview:large, max-video-preview:-1\" \/>\n<link rel=\"canonical\" href=\"https:\/\/www.eberhard-co-watches.ch\/fr\/eberhard-world\/salone-nautico-di-genova-2024\/\" \/>\n<meta property=\"og:locale\" content=\"fr_FR\" \/>\n<meta property=\"og:type\" content=\"article\" \/>\n<meta property=\"og:title\" content=\"Salon Nautique de G\u00eanes 2024 - Eberhard &amp; Co.\" \/>\n<meta property=\"og:description\" content=\"Pour la troisi\u00e8me ann\u00e9e cons\u00e9cutive, Eberhard &amp; Co. a renouvel\u00e9 son r\u00f4le de Chronom\u00e9treur Officiel du Salon Nautique de G\u00eanes, l&#039;un des \u00e9v\u00e9nements les\" \/>\n<meta property=\"og:url\" content=\"https:\/\/www.eberhard-co-watches.ch\/fr\/eberhard-world\/salone-nautico-di-genova-2024\/\" \/>\n<meta property=\"og:site_name\" content=\"Eberhard &amp; Co.\" \/>\n<meta property=\"article:modified_time\" content=\"2024-11-10T01:58:22+00:00\" \/>\n<meta property=\"og:image\" content=\"https:\/\/www.eberhard-co-watches.ch\/wp-content\/uploads\/2024\/11\/MINIATURE-SITO.png\" \/>\n\t<meta property=\"og:image:width\" content=\"360\" \/>\n\t<meta property=\"og:image:height\" content=\"460\" \/>\n\t<meta property=\"og:image:type\" content=\"image\/png\" \/>\n<meta name=\"twitter:card\" content=\"summary_large_image\" \/>\n<script type=\"application\/ld+json\" class=\"yoast-schema-graph\">{\"@context\":\"https:\/\/schema.org\",\"@graph\":[{\"@type\":\"WebPage\",\"@id\":\"https:\/\/www.eberhard-co-watches.ch\/fr\/eberhard-world\/salone-nautico-di-genova-2024\/\",\"url\":\"https:\/\/www.eberhard-co-watches.ch\/fr\/eberhard-world\/salone-nautico-di-genova-2024\/\",\"name\":\"Salon Nautique de G\u00eanes 2024 - Eberhard &amp; Co.\",\"isPartOf\":{\"@id\":\"https:\/\/www.eberhard-co-watches.ch\/fr\/#website\"},\"primaryImageOfPage\":{\"@id\":\"https:\/\/www.eberhard-co-watches.ch\/fr\/eberhard-world\/salone-nautico-di-genova-2024\/#primaryimage\"},\"image\":{\"@id\":\"https:\/\/www.eberhard-co-watches.ch\/fr\/eberhard-world\/salone-nautico-di-genova-2024\/#primaryimage\"},\"thumbnailUrl\":\"https:\/\/www.eberhard-co-watches.ch\/wp-content\/uploads\/2024\/11\/MINIATURE-SITO.png\",\"datePublished\":\"2024-11-04T11:30:53+00:00\",\"dateModified\":\"2024-11-10T01:58:22+00:00\",\"description\":\"Pour la troisi\u00e8me ann\u00e9e cons\u00e9cutive, Eberhard &amp; Co. a renouvel\u00e9 son r\u00f4le de Chronom\u00e9treur Officiel du Salon Nautique de G\u00eanes, l'un des \u00e9v\u00e9nements les\",\"inLanguage\":\"fr-FR\",\"potentialAction\":[{\"@type\":\"ReadAction\",\"target\":[\"https:\/\/www.eberhard-co-watches.ch\/fr\/eberhard-world\/salone-nautico-di-genova-2024\/\"]}]},{\"@type\":\"ImageObject\",\"inLanguage\":\"fr-FR\",\"@id\":\"https:\/\/www.eberhard-co-watches.ch\/fr\/eberhard-world\/salone-nautico-di-genova-2024\/#primaryimage\",\"url\":\"https:\/\/www.eberhard-co-watches.ch\/wp-content\/uploads\/2024\/11\/MINIATURE-SITO.png\",\"contentUrl\":\"https:\/\/www.eberhard-co-watches.ch\/wp-content\/uploads\/2024\/11\/MINIATURE-SITO.png\",\"width\":360,\"height\":460},{\"@type\":\"WebSite\",\"@id\":\"https:\/\/www.eberhard-co-watches.ch\/fr\/#website\",\"url\":\"https:\/\/www.eberhard-co-watches.ch\/fr\/\",\"name\":\"Eberhard &amp; Co.\",\"description\":\"\",\"publisher\":{\"@id\":\"https:\/\/www.eberhard-co-watches.ch\/fr\/#organization\"},\"potentialAction\":[{\"@type\":\"SearchAction\",\"target\":{\"@type\":\"EntryPoint\",\"urlTemplate\":\"https:\/\/www.eberhard-co-watches.ch\/fr\/?s={search_term_string}\"},\"query-input\":{\"@type\":\"PropertyValueSpecification\",\"valueRequired\":true,\"valueName\":\"search_term_string\"}}],\"inLanguage\":\"fr-FR\"},{\"@type\":\"Organization\",\"@id\":\"https:\/\/www.eberhard-co-watches.ch\/fr\/#organization\",\"name\":\"Eberhard & Co. Watches\",\"url\":\"https:\/\/www.eberhard-co-watches.ch\/fr\/\",\"logo\":{\"@type\":\"ImageObject\",\"inLanguage\":\"fr-FR\",\"@id\":\"https:\/\/www.eberhard-co-watches.ch\/fr\/#\/schema\/logo\/image\/\",\"url\":\"\",\"contentUrl\":\"\",\"caption\":\"Eberhard & Co. Watches\"},\"image\":{\"@id\":\"https:\/\/www.eberhard-co-watches.ch\/fr\/#\/schema\/logo\/image\/\"}}]}<\/script>\n<!-- \/ Yoast SEO plugin. -->","yoast_head_json":{"title":"Salon Nautique de G\u00eanes 2024 - Eberhard &amp; Co.","description":"Pour la troisi\u00e8me ann\u00e9e cons\u00e9cutive, Eberhard &amp; Co. a renouvel\u00e9 son r\u00f4le de Chronom\u00e9treur Officiel du Salon Nautique de G\u00eanes, l'un des \u00e9v\u00e9nements les","robots":{"index":"index","follow":"follow","max-snippet":"max-snippet:-1","max-image-preview":"max-image-preview:large","max-video-preview":"max-video-preview:-1"},"canonical":"https:\/\/www.eberhard-co-watches.ch\/fr\/eberhard-world\/salone-nautico-di-genova-2024\/","og_locale":"fr_FR","og_type":"article","og_title":"Salon Nautique de G\u00eanes 2024 - Eberhard &amp; Co.","og_description":"Pour la troisi\u00e8me ann\u00e9e cons\u00e9cutive, Eberhard &amp; Co. a renouvel\u00e9 son r\u00f4le de Chronom\u00e9treur Officiel du Salon Nautique de G\u00eanes, l'un des \u00e9v\u00e9nements les","og_url":"https:\/\/www.eberhard-co-watches.ch\/fr\/eberhard-world\/salone-nautico-di-genova-2024\/","og_site_name":"Eberhard &amp; Co.","article_modified_time":"2024-11-10T01:58:22+00:00","og_image":[{"width":360,"height":460,"url":"https:\/\/www.eberhard-co-watches.ch\/wp-content\/uploads\/2024\/11\/MINIATURE-SITO.png","type":"image\/png"}],"twitter_card":"summary_large_image","schema":{"@context":"https:\/\/schema.org","@graph":[{"@type":"WebPage","@id":"https:\/\/www.eberhard-co-watches.ch\/fr\/eberhard-world\/salone-nautico-di-genova-2024\/","url":"https:\/\/www.eberhard-co-watches.ch\/fr\/eberhard-world\/salone-nautico-di-genova-2024\/","name":"Salon Nautique de G\u00eanes 2024 - Eberhard &amp; Co.","isPartOf":{"@id":"https:\/\/www.eberhard-co-watches.ch\/fr\/#website"},"primaryImageOfPage":{"@id":"https:\/\/www.eberhard-co-watches.ch\/fr\/eberhard-world\/salone-nautico-di-genova-2024\/#primaryimage"},"image":{"@id":"https:\/\/www.eberhard-co-watches.ch\/fr\/eberhard-world\/salone-nautico-di-genova-2024\/#primaryimage"},"thumbnailUrl":"https:\/\/www.eberhard-co-watches.ch\/wp-content\/uploads\/2024\/11\/MINIATURE-SITO.png","datePublished":"2024-11-04T11:30:53+00:00","dateModified":"2024-11-10T01:58:22+00:00","description":"Pour la troisi\u00e8me ann\u00e9e cons\u00e9cutive, Eberhard &amp; Co. a renouvel\u00e9 son r\u00f4le de Chronom\u00e9treur Officiel du Salon Nautique de G\u00eanes, l'un des \u00e9v\u00e9nements les","inLanguage":"fr-FR","potentialAction":[{"@type":"ReadAction","target":["https:\/\/www.eberhard-co-watches.ch\/fr\/eberhard-world\/salone-nautico-di-genova-2024\/"]}]},{"@type":"ImageObject","inLanguage":"fr-FR","@id":"https:\/\/www.eberhard-co-watches.ch\/fr\/eberhard-world\/salone-nautico-di-genova-2024\/#primaryimage","url":"https:\/\/www.eberhard-co-watches.ch\/wp-content\/uploads\/2024\/11\/MINIATURE-SITO.png","contentUrl":"https:\/\/www.eberhard-co-watches.ch\/wp-content\/uploads\/2024\/11\/MINIATURE-SITO.png","width":360,"height":460},{"@type":"WebSite","@id":"https:\/\/www.eberhard-co-watches.ch\/fr\/#website","url":"https:\/\/www.eberhard-co-watches.ch\/fr\/","name":"Eberhard &amp; Co.","description":"","publisher":{"@id":"https:\/\/www.eberhard-co-watches.ch\/fr\/#organization"},"potentialAction":[{"@type":"SearchAction","target":{"@type":"EntryPoint","urlTemplate":"https:\/\/www.eberhard-co-watches.ch\/fr\/?s={search_term_string}"},"query-input":{"@type":"PropertyValueSpecification","valueRequired":true,"valueName":"search_term_string"}}],"inLanguage":"fr-FR"},{"@type":"Organization","@id":"https:\/\/www.eberhard-co-watches.ch\/fr\/#organization","name":"Eberhard & Co. Watches","url":"https:\/\/www.eberhard-co-watches.ch\/fr\/","logo":{"@type":"ImageObject","inLanguage":"fr-FR","@id":"https:\/\/www.eberhard-co-watches.ch\/fr\/#\/schema\/logo\/image\/","url":"","contentUrl":"","caption":"Eberhard & Co. Watches"},"image":{"@id":"https:\/\/www.eberhard-co-watches.ch\/fr\/#\/schema\/logo\/image\/"}}]}},"_links":{"self":[{"href":"https:\/\/www.eberhard-co-watches.ch\/fr\/wp-json\/wp\/v2\/eberhard-world\/43216"}],"collection":[{"href":"https:\/\/www.eberhard-co-watches.ch\/fr\/wp-json\/wp\/v2\/eberhard-world"}],"about":[{"href":"https:\/\/www.eberhard-co-watches.ch\/fr\/wp-json\/wp\/v2\/types\/eberhard-world"}],"version-history":[{"count":0,"href":"https:\/\/www.eberhard-co-watches.ch\/fr\/wp-json\/wp\/v2\/eberhard-world\/43216\/revisions"}],"wp:featuredmedia":[{"embeddable":true,"href":"https:\/\/www.eberhard-co-watches.ch\/fr\/wp-json\/wp\/v2\/media\/43194"}],"wp:attachment":[{"href":"https:\/\/www.eberhard-co-watches.ch\/fr\/wp-json\/wp\/v2\/media?parent=43216"}],"wp:term":[{"taxonomy":"news-world","embeddable":true,"href":"https:\/\/www.eberhard-co-watches.ch\/fr\/wp-json\/wp\/v2\/news-world?post=43216"}],"curies":[{"name":"wp","href":"https:\/\/api.w.org\/{rel}","templated":true}]}}